
{"id":2894,"date":"2024-11-12T07:37:53","date_gmt":"2024-11-12T07:37:53","guid":{"rendered":"https:\/\/kgksuisse.ch\/declaration-de-confidentialite\/"},"modified":"2025-03-29T05:07:34","modified_gmt":"2025-03-29T05:07:34","slug":"declaration-de-confidentialite","status":"publish","type":"page","link":"https:\/\/kgksuisse.ch\/fr\/declaration-de-confidentialite\/","title":{"rendered":"D\u00e9claration de confidentialit\u00e9"},"content":{"rendered":"\n<p>Les informations contenues dans la pr\u00e9sente d\u00e9claration s&rsquo;appliquent au traitement des donn\u00e9es \u00e0 caract\u00e8re personnel sur ou via notre site Internet et visent \u00e0 vous informer en particulier sur l&rsquo;\u00e9tendue du traitement, les finalit\u00e9s du traitement, les destinataires, les bases juridiques, les d\u00e9lais de conservation et vos droits. Les donn\u00e9es personnelles sont toutes les informations qui se rapportent \u00e0 une personne physique identifi\u00e9e ou identifiable, y compris, par exemple, votre nom, votre adresse ou votre adresse e-mail. Par \u00ab\u00a0traitement\u00a0\u00bb de donn\u00e9es \u00e0 caract\u00e8re personnel, on entend notamment la collecte, le stockage, l&rsquo;utilisation et la transmission de telles donn\u00e9es.  <\/p>\n\n<h2 class=\"wp-block-heading\">I. Nom et adresse du responsable<\/h2>\n\n<p>Le responsable au sens de la loi f\u00e9d\u00e9rale sur la protection des donn\u00e9es (LPD) et des autres dispositions nationales en mati\u00e8re de protection des donn\u00e9es est la :<\/p>\n\n<p>KGK Suisse SA<br\/>c\/o Marc D\u00f6rflinger Advokatur + Notariat<br\/>Jurastrasse 15<br\/>2502 Biel\/Bienne<\/p>\n\n<p>Patrik Sch\u00e4fer CEO \/ Daniel Rohrbach CGO \/ Michel Py IT<\/p>\n\n<p>Case postale, 2502 Biel\/Bienne<\/p>\n\n<p>41 32 888 28 88<br\/>E-mail : info@kgksuisse.ch<br\/>Site web : <a href=\"https:\/\/kgksuisse.ch\/fr\/\">www.kgksuisse.ch<\/a><\/p>\n\n<h2 class=\"wp-block-heading\">II. coordonn\u00e9es du responsable de la protection des donn\u00e9es<\/h2>\n\n<p>Le responsable de la protection des donn\u00e9es peut \u00eatre contact\u00e9 aux coordonn\u00e9es suivantes :<\/p>\n\n<p>Patrik Sch\u00e4fer CEO \/ Michel Py IT<\/p>\n\n<p>41 32 888 28 88<br\/>E-mail : info@kgksuisse.ch<br\/>Site web : <a href=\"https:\/\/kgksuisse.ch\/fr\/\">www.kgksuisse.ch<\/a><\/p>\n\n<h2 class=\"wp-block-heading\">III. g\u00e9n\u00e9ralit\u00e9s sur le traitement des donn\u00e9es<\/h2>\n\n<h3 class=\"wp-block-heading\">1. bases juridiques pour le traitement des donn\u00e9es \u00e0 caract\u00e8re personnel<\/h3>\n\n<p>Le traitement de vos donn\u00e9es personnelles est effectu\u00e9 en conformit\u00e9 avec la loi suisse sur la protection des donn\u00e9es (LPD). Nous ne traitons vos donn\u00e9es que <\/p>\n\n<ul class=\"wp-block-list\">\n<li>si vous y avez consenti<\/li>\n\n\n\n<li>lorsque cela est n\u00e9cessaire \u00e0 l&rsquo;ex\u00e9cution d&rsquo;un contrat<\/li>\n\n\n\n<li>lorsque nous sommes tenus de le faire par la loi<\/li>\n\n\n\n<li>lorsque nous avons un int\u00e9r\u00eat l\u00e9gitime et que vos int\u00e9r\u00eats ne pr\u00e9valent pas sur les n\u00f4tres<\/li>\n<\/ul>\n\n<h3 class=\"wp-block-heading\">2. suppression des donn\u00e9es et dur\u00e9e de conservation<\/h3>\n\n<p>Les donn\u00e9es \u00e0 caract\u00e8re personnel sont supprim\u00e9es ou leur traitement est limit\u00e9 d\u00e8s que la finalit\u00e9 de leur conservation n&rsquo;a plus lieu d&rsquo;\u00eatre. Un stockage plus long peut avoir lieu si le l\u00e9gislateur suisse l&rsquo;a pr\u00e9vu dans des lois ou des r\u00e8glements d\u00e9terminants. <\/p>\n\n<h2 class=\"wp-block-heading\">IV. Mise \u00e0 disposition du site web et cr\u00e9ation de fichiers journaux<\/h2>\n\n<h3 class=\"wp-block-heading\">1. description et port\u00e9e du traitement des donn\u00e9es<\/h3>\n\n<p>Chaque fois que vous consultez notre site Internet, notre syst\u00e8me collecte automatiquement des donn\u00e9es et des informations \u00e0 partir du syst\u00e8me informatique de l&rsquo;appareil qui consulte le site :<\/p>\n\n<ul class=\"wp-block-list\">\n<li>Type et version du navigateur<\/li>\n\n\n\n<li>Syst\u00e8me d&rsquo;exploitation<\/li>\n\n\n\n<li>Adresse IP<\/li>\n\n\n\n<li>la date et l&rsquo;heure de l&rsquo;acc\u00e8s<\/li>\n\n\n\n<li>Sites Web \u00e0 partir desquels le syst\u00e8me acc\u00e8de \u00e0 notre site Internet<\/li>\n<\/ul>\n\n<h3 class=\"wp-block-heading\">2. base juridique du traitement des donn\u00e9es<\/h3>\n\n<p>La base juridique pour le traitement de ces donn\u00e9es est notre int\u00e9r\u00eat l\u00e9gitime selon la LPD.<\/p>\n\n<h3 class=\"wp-block-heading\">3. finalit\u00e9 du traitement des donn\u00e9es<\/h3>\n\n<p>Le stockage temporaire de l&rsquo;adresse IP est n\u00e9cessaire pour livrer le site web \u00e0 l&rsquo;appareil de l&rsquo;utilisateur. Le stockage dans des fichiers journaux est effectu\u00e9 pour assurer le bon fonctionnement du site web et pour optimiser nos syst\u00e8mes. <\/p>\n\n<h3 class=\"wp-block-heading\">4. dur\u00e9e de conservation<\/h3>\n\n<p>Les donn\u00e9es sont supprim\u00e9es d\u00e8s qu&rsquo;elles ne sont plus n\u00e9cessaires \u00e0 la r\u00e9alisation de la finalit\u00e9. Lors de la collecte des donn\u00e9es pour la mise \u00e0 disposition du site web, c&rsquo;est le cas lorsque la session respective est termin\u00e9e. Les fichiers journaux sont supprim\u00e9s ou rendus anonymes apr\u00e8s sept jours au plus tard.  <\/p>\n\n<h2 class=\"wp-block-heading\">V. Utilisation des cookies<\/h2>\n\n<h3 class=\"wp-block-heading\">1. description et port\u00e9e du traitement des donn\u00e9es<\/h3>\n\n<p>Notre site web utilise des cookies. Il s&rsquo;agit de fichiers texte qui sont stock\u00e9s dans le navigateur. Les donn\u00e9es suivantes sont stock\u00e9es dans les cookies :  <\/p>\n\n<ul class=\"wp-block-list\">\n<li>Param\u00e8tres de langue<\/li>\n\n\n\n<li>Informations de connexion<\/li>\n<\/ul>\n\n<h3 class=\"wp-block-heading\">2. base juridique du traitement des donn\u00e9es<\/h3>\n\n<p>La base juridique pour le traitement des donn\u00e9es personnelles au moyen de cookies est notre int\u00e9r\u00eat l\u00e9gitime selon la LPD.<\/p>\n\n<h3 class=\"wp-block-heading\">3. finalit\u00e9 du traitement des donn\u00e9es<\/h3>\n\n<p>Le but des cookies est de faciliter l&rsquo;utilisation de notre site web. Certaines fonctions ne peuvent pas \u00eatre propos\u00e9es sans cookies. Les cookies ne sont pas utilis\u00e9s pour cr\u00e9er des profils d&rsquo;utilisateurs.  <\/p>\n\n<h3 class=\"wp-block-heading\">4. dur\u00e9e de conservation et possibilit\u00e9s de contr\u00f4le<\/h3>\n\n<p>Vous avez un contr\u00f4le total sur l&rsquo;utilisation des cookies et pouvez les d\u00e9sactiver ou les supprimer dans votre navigateur.<\/p>\n\n<div class=\"ccm-cookie-declaration\">Veuillez activer Javascript pour voir la liste de tous les cookies d\u00e9clar\u00e9s et des techniques similaires.<\/div>\n\n\n<h2 class=\"wp-block-heading\">VI Bulletin d&rsquo;information<\/h2>\n\n<h3 class=\"wp-block-heading\">1. description et port\u00e9e du traitement des donn\u00e9es<\/h3>\n\n<p>Les donn\u00e9es suivantes sont collect\u00e9es lors de l&rsquo;inscription \u00e0 la newsletter :<\/p>\n\n<ul class=\"wp-block-list\">\n<li>Adresse \u00e9lectronique<\/li>\n\n\n\n<li>Adresse IP<\/li>\n\n\n\n<li>Date et heure d&rsquo;enregistrement<\/li>\n<\/ul>\n\n<h3 class=\"wp-block-heading\">2. base juridique du traitement des donn\u00e9es<\/h3>\n\n<p>La base juridique est votre consentement ainsi que notre int\u00e9r\u00eat l\u00e9gitime selon la LPD.<\/p>\n\n<h3 class=\"wp-block-heading\">3. finalit\u00e9 du traitement des donn\u00e9es<\/h3>\n\n<p>Les donn\u00e9es sont utilis\u00e9es pour l&rsquo;envoi de la newsletter et pour pr\u00e9venir les abus.<\/p>\n\n<h3 class=\"wp-block-heading\">4. dur\u00e9e de conservation<\/h3>\n\n<p>L&rsquo;adresse e-mail est conserv\u00e9e jusqu&rsquo;\u00e0 la r\u00e9vocation du consentement \u00e0 la newsletter. Les autres donn\u00e9es sont supprim\u00e9es apr\u00e8s sept jours. <\/p>\n\n<h2 class=\"wp-block-heading\">VII. Demandes des utilisateurs par formulaire de contact et par e-mail<\/h2>\n\n<h3 class=\"wp-block-heading\">1. description et port\u00e9e du traitement des donn\u00e9es<\/h3>\n\n<p>En cas d&rsquo;utilisation du formulaire de contact ou de contact par e-mail, les donn\u00e9es transmises sont enregistr\u00e9es.<\/p>\n\n<h3 class=\"wp-block-heading\">2. base juridique du traitement des donn\u00e9es<\/h3>\n\n<p>La base juridique est notre int\u00e9r\u00eat l\u00e9gitime selon la LPD ainsi que l&rsquo;ex\u00e9cution du contrat.<\/p>\n\n<h3 class=\"wp-block-heading\">3. finalit\u00e9 du traitement des donn\u00e9es<\/h3>\n\n<p>Le traitement des donn\u00e9es sert uniquement \u00e0 r\u00e9pondre aux demandes.<\/p>\n\n<h3 class=\"wp-block-heading\">4. dur\u00e9e de conservation<\/h3>\n\n<p>Les donn\u00e9es sont supprim\u00e9es \u00e0 la fin de la conversation, \u00e0 moins qu&rsquo;il n&rsquo;existe des obligations l\u00e9gales de conservation.<\/p>\n\n<h2 class=\"wp-block-heading\">VIII M\u00e9dias sociaux<\/h2>\n\n<h3 class=\"wp-block-heading\">1. les audiences personnalis\u00e9es de Facebook<\/h3>\n\n<p>Nous utilisons Facebook Custom Audiences pour pr\u00e9senter des publicit\u00e9s bas\u00e9es sur les centres d&rsquo;int\u00e9r\u00eat. Pour ce faire, nous utilisons le pixel Facebook, qui \u00e9tablit une connexion directe avec les serveurs de Facebook. <\/p>\n\n<h3 class=\"wp-block-heading\">2. base juridique et objectif<\/h3>\n\n<p>La base juridique est notre int\u00e9r\u00eat l\u00e9gitime pour la publicit\u00e9 selon la LPD.<\/p>\n\n<h3 class=\"wp-block-heading\">3. possibilit\u00e9 d&rsquo;opposition<\/h3>\n\n<p>Vous pouvez d\u00e9sactiver cette fonction en utilisant le lien opt-out.<\/p>\n\n<h2 class=\"wp-block-heading\">IX. Analyse Web<\/h2>\n\n<h3 class=\"wp-block-heading\">1. Google Analytics<\/h3>\n\n<p>Nous utilisons Google Analytics avec anonymisation IP. Les donn\u00e9es sont g\u00e9n\u00e9ralement transmises aux serveurs de Google aux \u00c9tats-Unis. <\/p>\n\n<h3 class=\"wp-block-heading\">2. Hotjar<\/h3>\n\n<p>Nous utilisons Hotjar pour optimiser notre site web. Hotjar collecte des donn\u00e9es d&rsquo;utilisation anonymes. <\/p>\n\n<h3 class=\"wp-block-heading\">3. base juridique et objectif<\/h3>\n\n<p>La base juridique est notre int\u00e9r\u00eat l\u00e9gitime \u00e0 l&rsquo;optimisation du site web conform\u00e9ment \u00e0 la LPD.<\/p>\n\n<h3 class=\"wp-block-heading\">4. possibilit\u00e9 d&rsquo;opposition<\/h3>\n\n<p>Vous pouvez vous opposer \u00e0 la collecte de donn\u00e9es en utilisant des modules compl\u00e9mentaires de navigateur ou des cookies opt-out.<\/p>\n\n<h2 class=\"wp-block-heading\">X. Vos droits<\/h2>\n\n<p>Conform\u00e9ment \u00e0 la loi suisse sur la protection des donn\u00e9es, vous disposez des droits suivants :<\/p>\n\n<ul class=\"wp-block-list\">\n<li>Droit \u00e0 l&rsquo;information<\/li>\n\n\n\n<li>Droit de rectification<\/li>\n\n\n\n<li>Droit \u00e0 l&rsquo;effacement<\/li>\n\n\n\n<li>Droit \u00e0 la limitation du traitement<\/li>\n\n\n\n<li>Droit \u00e0 la portabilit\u00e9 des donn\u00e9es<\/li>\n\n\n\n<li>Droit d&rsquo;opposition<\/li>\n\n\n\n<li>Droit de retirer un consentement<\/li>\n<\/ul>\n\n<p>Pour faire valoir ces droits, veuillez contacter notre responsable de la protection des donn\u00e9es.<\/p>\n\n<p>Vous avez \u00e9galement le droit de d\u00e9poser une plainte aupr\u00e8s de l&rsquo;autorit\u00e9 de surveillance comp\u00e9tente :<\/p>\n\n<p>Pr\u00e9pos\u00e9 f\u00e9d\u00e9ral \u00e0 la protection des donn\u00e9es et \u00e0 la transparence (PFPDT)<br\/>Feldeggweg 1<br\/>CH-3003 Berne<\/p>\n","protected":false},"excerpt":{"rendered":"<p>Les informations contenues dans la pr\u00e9sente d\u00e9claration s&rsquo;appliquent au traitement des donn\u00e9es \u00e0 caract\u00e8re personnel sur ou via notre site Internet et visent \u00e0 vous informer en particulier sur l&rsquo;\u00e9tendue du traitement, les finalit\u00e9s du traitement, les destinataires, les bases juridiques, les d\u00e9lais de conservation et vos droits. Les donn\u00e9es personnelles sont toutes les informations [&hellip;]<\/p>\n","protected":false},"author":2,"featured_media":0,"parent":0,"menu_order":0,"comment_status":"closed","ping_status":"closed","template":"","meta":{"_acf_changed":false,"footnotes":""},"class_list":["post-2894","page","type-page","status-publish","hentry"],"acf":[],"_links":{"self":[{"href":"https:\/\/kgksuisse.ch\/fr\/wp-json\/wp\/v2\/pages\/2894","targetHints":{"allow":["GET"]}}],"collection":[{"href":"https:\/\/kgksuisse.ch\/fr\/wp-json\/wp\/v2\/pages"}],"about":[{"href":"https:\/\/kgksuisse.ch\/fr\/wp-json\/wp\/v2\/types\/page"}],"author":[{"embeddable":true,"href":"https:\/\/kgksuisse.ch\/fr\/wp-json\/wp\/v2\/users\/2"}],"replies":[{"embeddable":true,"href":"https:\/\/kgksuisse.ch\/fr\/wp-json\/wp\/v2\/comments?post=2894"}],"version-history":[{"count":3,"href":"https:\/\/kgksuisse.ch\/fr\/wp-json\/wp\/v2\/pages\/2894\/revisions"}],"predecessor-version":[{"id":46806,"href":"https:\/\/kgksuisse.ch\/fr\/wp-json\/wp\/v2\/pages\/2894\/revisions\/46806"}],"wp:attachment":[{"href":"https:\/\/kgksuisse.ch\/fr\/wp-json\/wp\/v2\/media?parent=2894"}],"curies":[{"name":"wp","href":"https:\/\/api.w.org\/{rel}","templated":true}]}}