
{"id":2942,"date":"2024-11-18T11:53:52","date_gmt":"2024-11-18T11:53:52","guid":{"rendered":"https:\/\/kgksuisse.ch\/engagement\/transfert-de-competences-et-programme-de-developpement-pour-les-autochtones\/"},"modified":"2025-01-20T11:18:45","modified_gmt":"2025-01-20T11:18:45","slug":"transfert-de-competences-et-programme-de-developpement-pour-les-autochtones","status":"publish","type":"engagement","link":"https:\/\/kgksuisse.ch\/fr\/engagement\/transfert-de-competences-et-programme-de-developpement-pour-les-autochtones\/","title":{"rendered":"Transfert de comp\u00e9tences et programme de d\u00e9veloppement pour les autochtones"},"content":{"rendered":"\n<p>KGK propose des programmes de transfert de comp\u00e9tences et de d\u00e9veloppement aux r\u00e9sidents locaux et les forme aux derni\u00e8res technologies. Cette initiative dote les r\u00e9sidents de comp\u00e9tences et de connaissances et favorise le d\u00e9veloppement professionnel et l&rsquo;am\u00e9lioration de leur employabilit\u00e9. <\/p>\n","protected":false},"featured_media":2945,"template":"","meta":{"_acf_changed":false},"engagement_cat":[71],"class_list":["post-2942","engagement","type-engagement","status-publish","has-post-thumbnail","hentry","engagement_cat-social"],"acf":[],"_links":{"self":[{"href":"https:\/\/kgksuisse.ch\/fr\/wp-json\/wp\/v2\/engagement\/2942","targetHints":{"allow":["GET"]}}],"collection":[{"href":"https:\/\/kgksuisse.ch\/fr\/wp-json\/wp\/v2\/engagement"}],"about":[{"href":"https:\/\/kgksuisse.ch\/fr\/wp-json\/wp\/v2\/types\/engagement"}],"wp:featuredmedia":[{"embeddable":true,"href":"https:\/\/kgksuisse.ch\/fr\/wp-json\/wp\/v2\/media\/2945"}],"wp:attachment":[{"href":"https:\/\/kgksuisse.ch\/fr\/wp-json\/wp\/v2\/media?parent=2942"}],"wp:term":[{"taxonomy":"engagement_cat","embeddable":true,"href":"https:\/\/kgksuisse.ch\/fr\/wp-json\/wp\/v2\/engagement_cat?post=2942"}],"curies":[{"name":"wp","href":"https:\/\/api.w.org\/{rel}","templated":true}]}}